{"id":46,"date":"2024-02-03T16:28:35","date_gmt":"2024-02-03T15:28:35","guid":{"rendered":"http:\/\/amap.castorsbios.fr\/?page_id=46"},"modified":"2024-02-03T16:28:35","modified_gmt":"2024-02-03T15:28:35","slug":"statuts","status":"publish","type":"page","link":"https:\/\/amap.castorsbios.fr\/index.php\/statuts\/","title":{"rendered":"Statuts"},"content":{"rendered":"\n<p><strong>Statuts des Castors Bios<\/strong><\/p>\n\n\n\n<p><strong>ARTICLE I &#8211; D\u00e9signation<\/strong><\/p>\n\n\n\n<p>Il est fond\u00e9 entre les adh\u00e9rents aux pr\u00e9sents statuts une association r\u00e9gie par la loi du 1<sup>er<\/sup>&nbsp;juillet 1901 et le d\u00e9cret du 16&nbsp;ao\u00fbt 1901, ayant pour titre&nbsp;: Les Castors Bios.<\/p>\n\n\n\n<p><strong>ARTICLE II &#8211; Objet<\/strong><\/p>\n\n\n\n<p>Cette association a pour but le soutient et l\u2019organisation de projets et de manifestations de d\u00e9veloppement durable et de sensibilisation \u00e0 l\u2019\u00e9cologie \u00e0 partir de&nbsp;la r\u00e9sidence dite \u00ab&nbsp;des Castors&nbsp;\u00bb du 13 avenue Faidherbe, 93100 Montreuil.<\/p>\n\n\n\n<p><strong>ARTICLE III &#8211; Si\u00e8ge social<\/strong><\/p>\n\n\n\n<p>Le si\u00e8ge social est fix\u00e9 au 13 avenue Faidherbe, 93100 Montreuil.<\/p>\n\n\n\n<p>Comme l\u2019objet de l\u2019association est li\u00e9 \u00e0 la r\u00e9sidence, le si\u00e8ge social ne pourra pas \u00eatre transf\u00e9r\u00e9 sans une refonte compl\u00e8te des statuts.<\/p>\n\n\n\n<p><strong>ARTICLE IV &#8211; Composition<\/strong><\/p>\n\n\n\n<p>L&rsquo;association se compose de&nbsp;:<\/p>\n\n\n\n<p>a) Membres bienfaiteurs<\/p>\n\n\n\n<p>b) Membres actifs ou adh\u00e9rents<\/p>\n\n\n\n<p><strong>ARTICLE V &#8211; Admission<\/strong><\/p>\n\n\n\n<p>Pour faire partie de l&rsquo;association, il faut \u00eatre agr\u00e9\u00e9 par le bureau, qui statue, lors de chacune de ses r\u00e9unions, sur les demandes d&rsquo;admission pr\u00e9sent\u00e9es.<\/p>\n\n\n\n<p><strong>ARTICLE VI &#8211; Les membres<\/strong><\/p>\n\n\n\n<p>Sont membres bienfaiteurs les personnes qui payent la cotisation annuelle et qui apportent une r\u00e9elle avanc\u00e9e \u00e0 l\u2019objet de l\u2019association soit par des dons d\u2019un montant minimal de 2000 euros par an, soit par le d\u00e9veloppement et le suivi de projets.<\/p>\n\n\n\n<p>Sont membres actifs ceux qui payent la cotisation annuelle et qui participent \u00e0 la vie de l\u2019association.<\/p>\n\n\n\n<p>Les cotisations annuelles seront \u00e9tablies par le r\u00e8glement int\u00e9rieur en fonction de l\u2019\u00e9volution du co\u00fbt de la vie<\/p>\n\n\n\n<p>Les cotisations ne sont pas remboursables.<\/p>\n\n\n\n<p><strong>ARTICLE VII &#8211; Radiations<\/strong><\/p>\n\n\n\n<p>La qualit\u00e9 de membre se perd par&nbsp;:<\/p>\n\n\n\n<p>a) La d\u00e9mission&nbsp;;<\/p>\n\n\n\n<p>b) Le d\u00e9c\u00e8s&nbsp;;<\/p>\n\n\n\n<p>c) La radiation prononc\u00e9e par le Conseil d&rsquo;administration pour non-paiement de la cotisation ou pour motif grave, l&rsquo;int\u00e9ress\u00e9 ayant \u00e9t\u00e9 invit\u00e9 par lettre recommand\u00e9e \u00e0 se pr\u00e9senter devant le bureau pour fournir des explications.<\/p>\n\n\n\n<p><strong>ARTICLE VIII &#8211; Ressources<\/strong><\/p>\n\n\n\n<p>Les ressources de l&rsquo;association comprennent&nbsp;:<\/p>\n\n\n\n<ol class=\"wp-block-list\">\n<li>Le montant des droits d&rsquo;entr\u00e9e et des cotisations&nbsp;;<\/li>\n\n\n\n<li>Les subventions de l&rsquo;Etat, des d\u00e9partements et des communes.<\/li>\n\n\n\n<li>Les dons<\/li>\n\n\n\n<li>Le produit des manifestations qu\u2019elle organise<\/li>\n<\/ol>\n\n\n\n<p><strong>ARTICLE IX &#8211; Conseil d&rsquo;administration<\/strong><\/p>\n\n\n\n<p>L&rsquo;association est dirig\u00e9e par un Conseil de membres, \u00e9lus pour une ann\u00e9e par l&rsquo;Assembl\u00e9e g\u00e9n\u00e9rale. Les membres sont r\u00e9\u00e9ligibles.<\/p>\n\n\n\n<p>Le Conseil d&rsquo;administration choisit parmi ses membres au scrutin secret, un bureau compos\u00e9 de&nbsp;:<\/p>\n\n\n\n<ol class=\"wp-block-list\">\n<li>Un pr\u00e9sident&nbsp;:&nbsp;Sylvie Gandon;<\/li>\n\n\n\n<li>Un vice-pr\u00e9sident&nbsp;:&nbsp;C\u00e9line Gaboriau;<\/li>\n\n\n\n<li>Une secr\u00e9taire&nbsp;: S\u00e9verine Fourt<\/li>\n\n\n\n<li>Un tr\u00e9sorier&nbsp;: Nathana\u00ebl Massini, une tr\u00e9sori\u00e8re adjointe&nbsp;: Eleonora Gallet<br><br><\/li>\n<\/ol>\n\n\n\n<p>Le Conseil \u00e9tant renouvel\u00e9 chaque ann\u00e9e par moiti\u00e9, la premi\u00e8re ann\u00e9e, les membres sortants sont d\u00e9sign\u00e9s par le sort.<\/p>\n\n\n\n<p>Les fonctions de pr\u00e9sident et de tr\u00e9sorier ne sont pas cumulables.<\/p>\n\n\n\n<p>En cas de vacances, le Conseil pourvoit provisoirement au remplacement de ses membres. Il est proc\u00e9d\u00e9 \u00e0 leur remplacement d\u00e9finitif par la plus prochaine Assembl\u00e9e g\u00e9n\u00e9rale. Les pouvoirs des membres ainsi \u00e9lus prennent fin \u00e0 l&rsquo;\u00e9poque o\u00f9 devrait normalement expirer le mandat des membres remplac\u00e9s.<\/p>\n\n\n\n<p><strong>ARTICLE X &#8211; R\u00e9union du Conseil d&rsquo;administration<\/strong><\/p>\n\n\n\n<p>Le Conseil d&rsquo;administration se r\u00e9un\u00eet une fois au moins tous les six mois, sur convocation du pr\u00e9sident, ou sur la demande du quart de ses membres.<\/p>\n\n\n\n<p>Les d\u00e9cisions sont prises \u00e0 la majorit\u00e9 des voix; en cas de partage, la voix du pr\u00e9sident est pr\u00e9pond\u00e9rante.<\/p>\n\n\n\n<p>Tout membre du Comit\u00e9 qui, sans excuse, n&rsquo;aura pas assist\u00e9 \u00e0 trois r\u00e9unions cons\u00e9cutives pourra \u00eatre consid\u00e9r\u00e9 comme d\u00e9missionnaire.<\/p>\n\n\n\n<p>Nul ne peut faire partie du Conseil s&rsquo;il n&rsquo;est pas majeur.<\/p>\n\n\n\n<p>Nul ne peut faire partie du Conseil s&rsquo;il ne r\u00e9side pas au 13 avenue Faidherbe, 93100 Montreuil.<\/p>\n\n\n\n<p><strong>ARTICLE XI &#8211; Assembl\u00e9e g\u00e9n\u00e9rale ordinaire<\/strong><\/p>\n\n\n\n<p>L&rsquo;Assembl\u00e9e g\u00e9n\u00e9rale ordinaire comprend tous les membres de l&rsquo;association \u00e0 quelque titre qu&rsquo;ils y soient affili\u00e9s. L&rsquo;Assembl\u00e9e g\u00e9n\u00e9rale ordinaire se r\u00e9unit chaque ann\u00e9e au mois d\u2019octobre.<\/p>\n\n\n\n<p>Quinze jours au moins avant la date fix\u00e9e, les membres de l&rsquo;association sont convoqu\u00e9s par les soins du secr\u00e9taire. L&rsquo;ordre du jour est indiqu\u00e9 sur les convocations.<\/p>\n\n\n\n<p>Le pr\u00e9sident, assist\u00e9 des membres du comit\u00e9, pr\u00e9side l&rsquo;Assembl\u00e9e et expose la situation morale de l&rsquo;association.<\/p>\n\n\n\n<p>Le tr\u00e9sorier rend compte de sa gestion et soumet le bilan \u00e0 l&rsquo;approbation de l&rsquo;Assembl\u00e9e.<\/p>\n\n\n\n<p>Il est proc\u00e9d\u00e9, apr\u00e8s \u00e9puisement de l&rsquo;ordre du jour, au remplacement, au scrutin secret, des membres du Conseil sortants.<\/p>\n\n\n\n<p>Ne devront \u00eatre trait\u00e9es, lors de l&rsquo;Assembl\u00e9e g\u00e9n\u00e9rale, que les questions soumises \u00e0 l&rsquo;ordre du jour.<\/p>\n\n\n\n<p>La majorit\u00e9 des votes sera \u00e9tablie \u00e0 la majorit\u00e9 des pr\u00e9sents.<\/p>\n\n\n\n<p><strong>ARTICLE XII &#8211; Assembl\u00e9e g\u00e9n\u00e9rale extraordinaire<\/strong><\/p>\n\n\n\n<p>Si besoin est, ou sur la demande de la moiti\u00e9 plus un des membres inscrits, le pr\u00e9sident peut convoquer une Assembl\u00e9e g\u00e9n\u00e9rale extraordinaire, suivant les formalit\u00e9s pr\u00e9vues par l&rsquo;article 10.<\/p>\n\n\n\n<p><strong>ARTICLE XIII &#8211; R\u00e8glement Int\u00e9rieur<\/strong><\/p>\n\n\n\n<p>Un r\u00e8glement int\u00e9rieur peut \u00eatre \u00e9tabli par le Conseil d&rsquo;administration, qui le fait alors approuver par l&rsquo;Assembl\u00e9e g\u00e9n\u00e9rale.<\/p>\n\n\n\n<p>Ce r\u00e8glement est destin\u00e9 \u00e0 fixer les divers points non pr\u00e9vus par les statuts, notamment ceux qui ont trait \u00e0 l&rsquo;administration interne de l&rsquo;association et les modalit\u00e9s de fonctionnement de chaque manifestation..<\/p>\n\n\n\n<p><strong>ARTICLE XIV &#8211; Dissolution<\/strong><\/p>\n\n\n\n<p>En cas de dissolution prononc\u00e9e par les deux tiers au moins des membres pr\u00e9sents \u00e0 l&rsquo;Assembl\u00e9e g\u00e9n\u00e9rale, un ou plusieurs liquidateurs sont nomm\u00e9s par celles-ci, et l&rsquo;actif, s&rsquo;il y a lieu, est d\u00e9volu conform\u00e9ment \u00e0 l&rsquo;article 9 de la loi du 1<sup>er<\/sup>&nbsp;juillet 1901 et du d\u00e9cret du 16&nbsp;ao\u00fbt 1901.<\/p>\n","protected":false},"excerpt":{"rendered":"<p>Statuts des Castors Bios ARTICLE I &#8211; D\u00e9signation Il est fond\u00e9 entre les adh\u00e9rents aux pr\u00e9sents statuts une association r\u00e9gie par la loi du 1er&nbsp;juillet 1901 et le d\u00e9cret du 16&nbsp;ao\u00fbt 1901, ayant pour titre&nbsp;: Les Castors Bios. ARTICLE II &#8211; Objet Cette association a pour but le soutient et l\u2019organisation de projets et de [&hellip;]<\/p>\n","protected":false},"author":4,"featured_media":0,"parent":0,"menu_order":1,"comment_status":"closed","ping_status":"closed","template":"","meta":{"footnotes":""},"class_list":["post-46","page","type-page","status-publish","hentry"],"_links":{"self":[{"href":"https:\/\/amap.castorsbios.fr\/index.php\/wp-json\/wp\/v2\/pages\/46","targetHints":{"allow":["GET"]}}],"collection":[{"href":"https:\/\/amap.castorsbios.fr\/index.php\/wp-json\/wp\/v2\/pages"}],"about":[{"href":"https:\/\/amap.castorsbios.fr\/index.php\/wp-json\/wp\/v2\/types\/page"}],"author":[{"embeddable":true,"href":"https:\/\/amap.castorsbios.fr\/index.php\/wp-json\/wp\/v2\/users\/4"}],"replies":[{"embeddable":true,"href":"https:\/\/amap.castorsbios.fr\/index.php\/wp-json\/wp\/v2\/comments?post=46"}],"version-history":[{"count":1,"href":"https:\/\/amap.castorsbios.fr\/index.php\/wp-json\/wp\/v2\/pages\/46\/revisions"}],"predecessor-version":[{"id":47,"href":"https:\/\/amap.castorsbios.fr\/index.php\/wp-json\/wp\/v2\/pages\/46\/revisions\/47"}],"wp:attachment":[{"href":"https:\/\/amap.castorsbios.fr\/index.php\/wp-json\/wp\/v2\/media?parent=46"}],"curies":[{"name":"wp","href":"https:\/\/api.w.org\/{rel}","templated":true}]}}